{"id":475,"date":"2019-03-26T11:29:14","date_gmt":"2019-03-26T11:29:14","guid":{"rendered":"http:\/\/bi-wehraecker.de\/?page_id=475"},"modified":"2019-03-26T12:07:10","modified_gmt":"2019-03-26T12:07:10","slug":"wise-wimpfener-strassen-entlasten","status":"publish","type":"page","link":"https:\/\/ogb-abstatt.de\/?page_id=475","title":{"rendered":"WiSe Wimpfener Stra\u00dfen Entlasten"},"content":{"rendered":"<p><img loading=\"lazy\" class=\"size-full wp-image-479 aligncenter\" src=\"http:\/\/bi-wehraecker.de\/wp-content\/uploads\/2019\/03\/Logo-WiSe.jpg\" alt=\"\" width=\"272\" height=\"221\" \/><\/p>\n\n\n<p><strong> <\/strong><\/p>\n\n\n\n<p> Die B\u00fcrgerinitiative &#8222;WiSe&#8220;&nbsp;hat sich aus <strong>Entsetzen \u00fcber die Planung einer so gut wie sinnlosen Umgehungsstra\u00dfe<\/strong> gegr\u00fcndet. Es wurde ein B\u00fcrgerentscheid erwirkt, bei dem&nbsp;im Februar 2019 leider 60% der Wahlberechtigten f\u00fcr diese Trasse gestimmt haben. Allerdings unterstellen wir, dass bei mehr Zeit zur Information und Aufkl\u00e4rung ein anderes Votum erreicht worden w\u00e4re.&nbsp;Das Engagement in der&nbsp;B\u00fcrgerinitiative hat uns klar&nbsp;gemacht, dass&nbsp;wir mehr tun m\u00fcssen. <\/p>\n\n\n<p>So gibt es&nbsp;eine&nbsp;<strong>WiSe<\/strong>-Liste f\u00fcr die Kommunalwahlen 2019. Wir treten an f\u00fcr die &#8220;&nbsp;<strong>Wi<\/strong>mpfener&nbsp;<strong>S<\/strong>tadt&nbsp;<strong>E<\/strong>ntwicklung&#8220; und setzen uns f\u00fcr eine<strong> realistische Zukunftsplanung<\/strong> ein.<\/p>\n<ul>\n<li>Wir wollen keinen weiteren Fl\u00e4chenverbrauch unterst\u00fctzen, der haupts\u00e4chlich dazu dient, kleine Bev\u00f6lkerungsgruppen zufrieden zu stellen.<\/li>\n<li>Wir m\u00f6chten erreichen, dass in unserer Stadt so viel Lebensqualit\u00e4t wie m\u00f6glich erhalten bleibt. Dazu geh\u00f6rt, dass&nbsp;Verkehrsberuhigung&nbsp;und&nbsp;bezahlbarer Wohnraum in den Mittelpunkt der Stadtplanung r\u00fcckt.&nbsp;<\/li>\n<\/ul>\n<p>Bei allen Problemen und Realit\u00e4ts-Schocks, mit denen wir umgehen m\u00fcssen, sind wir eine sehr vergn\u00fcgte und kraftvolle Gemeinschaft!<\/p>\n\n\n<p>Kontakt:  <a rel=\"noreferrer noopener\" href=\"mailto:verkehrsentlastung-bw@gmx.de\" target=\"_blank\">verkehrsentlastung-bw@gmx.de<\/a>\u00a0 <\/p>\n\t\t<div class=\"wpulike wpulike-default \" ><div class=\"wp_ulike_general_class wp_ulike_is_not_liked\"><button type=\"button\"\n\t\t\t\t\tdata-ulike-id=\"475\"\n\t\t\t\t\tdata-ulike-nonce=\"10dac0fdaf\"\n\t\t\t\t\tdata-ulike-type=\"likeThis\"\n\t\t\t\t\tdata-ulike-status=\"1\" class=\"wp_ulike_btn wp_ulike_put_image wp_likethis_475\"><\/button><span class=\"count-box\">0<\/span>\t\t\t<\/div><\/div>\n\t","protected":false},"excerpt":{"rendered":"<p>Die B\u00fcrgerinitiative &#8222;WiSe&#8220;&nbsp;hat sich aus Entsetzen \u00fcber die Planung einer so gut wie sinnlosen Umgehungsstra\u00dfe gegr\u00fcndet. Es wurde ein B\u00fcrgerentscheid erwirkt, bei dem&nbsp;im Februar 2019 leider 60% der Wahlberechtigten f\u00fcr diese Trasse gestimmt haben. Allerdings unterstellen wir, dass bei mehr Zeit zur Information und Aufkl\u00e4rung ein anderes Votum erreicht worden w\u00e4re.&nbsp;Das Engagement in der&nbsp;B\u00fcrgerinitiative hat &hellip; <\/p>\n<p class=\"link-more\"><a href=\"https:\/\/ogb-abstatt.de\/?page_id=475\" class=\"more-link\"><span class=\"screen-reader-text\">\u201eWiSe Wimpfener Stra\u00dfen Entlasten\u201c<\/span> weiterlesen<\/a><\/p>\n","protected":false},"author":1,"featured_media":0,"parent":0,"menu_order":0,"comment_status":"closed","ping_status":"closed","template":"","meta":[],"_links":{"self":[{"href":"https:\/\/ogb-abstatt.de\/index.php?rest_route=\/wp\/v2\/pages\/475"}],"collection":[{"href":"https:\/\/ogb-abstatt.de\/index.php?rest_route=\/wp\/v2\/pages"}],"about":[{"href":"https:\/\/ogb-abstatt.de\/index.php?rest_route=\/wp\/v2\/types\/page"}],"author":[{"embeddable":true,"href":"https:\/\/ogb-abstatt.de\/index.php?rest_route=\/wp\/v2\/users\/1"}],"replies":[{"embeddable":true,"href":"https:\/\/ogb-abstatt.de\/index.php?rest_route=%2Fwp%2Fv2%2Fcomments&post=475"}],"version-history":[{"count":6,"href":"https:\/\/ogb-abstatt.de\/index.php?rest_route=\/wp\/v2\/pages\/475\/revisions"}],"predecessor-version":[{"id":483,"href":"https:\/\/ogb-abstatt.de\/index.php?rest_route=\/wp\/v2\/pages\/475\/revisions\/483"}],"wp:attachment":[{"href":"https:\/\/ogb-abstatt.de\/index.php?rest_route=%2Fwp%2Fv2%2Fmedia&parent=475"}],"curies":[{"name":"wp","href":"https:\/\/api.w.org\/{rel}","templated":true}]}}